{"id":775,"date":"2010-04-09T17:27:40","date_gmt":"2010-04-09T14:27:40","guid":{"rendered":"http:\/\/kinanen.fi\/wordpress\/?page_id=775"},"modified":"2014-12-27T15:45:33","modified_gmt":"2014-12-27T13:45:33","slug":"eevert-taavitsainen","status":"publish","type":"page","link":"https:\/\/www.kinanen.fi\/nukkekoti\/eevert-taavitsainen\/","title":{"rendered":"Eevert"},"content":{"rendered":"<p><a href=\"http:\/\/kinanen.fi\/wordpress\/wp-content\/uploads\/2010\/04\/Eevert_esittely.jpg\"><img fetchpriority=\"high\" decoding=\"async\" title=\"Eevert_esittely\" src=\"http:\/\/kinanen.fi\/wordpress\/wp-content\/uploads\/2010\/04\/Eevert_esittely-300x298.jpg\" alt=\"Eevert Taavitsainen\" width=\"240\" height=\"242\" \/><\/a><\/p>\n<p>Olen el\u00e4kep\u00e4ivi\u00e4ni ansaitusti viett\u00e4v\u00e4 merikapteeni, jonka muistoja ja kokemuksia on talletettu t\u00e4m\u00e4n blogin kirjoituksiin.<\/p>\n<p>Olen l\u00e4htenyt lapsuudenkodistani jo nuorena kollina, 16v. omille teilleni ja monenlaisia el\u00e4m\u00e4nvaiheita on mahtunut kaikkiin vuosiini. Maailmaa on koluttu moneta laidalta ja mieli vet\u00e4\u00e4 edelleenkin eteenpin ja uusiin maisemiin aina kun se vain on mahdollista.<\/p>\n<p>Saattaa olla, ett\u00e4 vanhaksi k\u00e4ynyt mieleni sekoittaa eri sukujen muistoja iloiseksi sopaksi. Joten yhten\u00e4ist\u00e4 tarinaa tai kokemusten kiertoa ei teksteist\u00e4 pysty l\u00f6yt\u00e4m\u00e4\u00e4n.<\/p>\n<p>Sattumuksia ja matkakertomuksia l\u00f6ytyy niin menneest\u00e4 kuin t\u00e4st\u00e4 ajastakin.<\/p>\n<p>Syntyj\u00e4ni olen maalaispoika ja pienviljelij\u00e4-perheen kasvatti. Kotitilalla oli 12 lehm\u00e4\u00e4 ja satunnaisesti sikoja ja jokunen kotilammas. Lampaita ei varsinaisesti kasvatettu, kunhan oli pihalammas. Ensimm\u00e4inen jonka muistan oli Ulla. Se kulki paikasta toiseen taluttamalla ja oli kiinni \u00e4itini kotitakin vy\u00f6ss\u00e4. Tullessaan Ulla joi maitoa tuttipullosta. Se olikin haluttua ty\u00f6t\u00e4 meille lapsille. Er\u00e4\u00e4n kotilampaan enoni taisi v\u00e4rj\u00e4t\u00e4 vaaleanpunaiseksi ja keritsi sen kuin villakoiran. Oli siin\u00e4 taas kyl\u00e4l\u00e4isill\u00e4 p\u00e4ivittelemist\u00e4!<\/p>\n<p>Kotipihalta el\u00e4m\u00e4 vei jo nuorena maailmalle. P\u00e4rj\u00e4tt\u00e4v\u00e4 oli, keinolla mill\u00e4 hyv\u00e4ns\u00e4. Olen valinnut melko hyvi\u00e4 valintoja nykyajasta katsoen. El\u00e4m\u00e4 on ollut rikasta vaikkakaan ei aina ihan yksinkertaista.<\/p>\n<p>Matkustan edelleen mielell\u00e4ni ja tutustun ymp\u00e4rist\u00f6\u00f6ni monella tasolla. Matkakuva-albumini l\u00f6ytyy <a href=\"http:\/\/www.flickr.com\/photos\/26395297@N04\/sets\/72157623873788128\/detail\/\" target=\"_self\">t\u00e4\u00e4lt\u00e4<\/a>.<\/p>\n<address>El\u00e4v\u00e4\u00e4 kuvaakin minusta on talletettu: <a href=\"http:\/\/www.youtube.com\/watch?v=1ZoP7apTt-4&amp;feature=player_embedded\" target=\"_blank\">Taavitsaisen talo 20-luvun henkeen<\/a>,\u00a0 <a href=\"http:\/\/www.youtube.com\/watch?v=dUSf94XwKBE&amp;feature=related\" target=\"_blank\">Eevert ja Ludmila Viipurissa<\/a> sek\u00e4 <a href=\"http:\/\/www.youtube.com\/watch?v=PLGD_pauMQo&amp;feature=player_embedded\" target=\"_blank\">Kappelin sis\u00e4tilojen taltiointi<\/a><\/address>\n<address>Klikkaa nimi\u00e4 niin p\u00e4\u00e4set tunnelmaan!<\/address>\n<p>Tarina jatkuu&#8230;<\/p>\n","protected":false},"excerpt":{"rendered":"<p>Olen el\u00e4kep\u00e4ivi\u00e4ni ansaitusti viett\u00e4v\u00e4 merikapteeni, jonka muistoja ja kokemuksia on talletettu t\u00e4m\u00e4n blogin kirjoituksiin. Olen l\u00e4htenyt lapsuudenkodistani jo nuorena kollina, 16v. omille teilleni ja monenlaisia el\u00e4m\u00e4nvaiheita on mahtunut kaikkiin vuosiini. Maailmaa on koluttu moneta laidalta ja mieli vet\u00e4\u00e4 edelleenkin eteenpin ja uusiin maisemiin aina kun se vain on mahdollista. Saattaa olla, ett\u00e4 vanhaksi k\u00e4ynyt mieleni [&hellip;]<\/p>\n","protected":false},"author":1,"featured_media":0,"parent":0,"menu_order":0,"comment_status":"open","ping_status":"closed","template":"","meta":{"footnotes":""},"class_list":["post-775","page","type-page","status-publish","hentry"],"_links":{"self":[{"href":"https:\/\/www.kinanen.fi\/nukkekoti\/wp-json\/wp\/v2\/pages\/775","targetHints":{"allow":["GET"]}}],"collection":[{"href":"https:\/\/www.kinanen.fi\/nukkekoti\/wp-json\/wp\/v2\/pages"}],"about":[{"href":"https:\/\/www.kinanen.fi\/nukkekoti\/wp-json\/wp\/v2\/types\/page"}],"author":[{"embeddable":true,"href":"https:\/\/www.kinanen.fi\/nukkekoti\/wp-json\/wp\/v2\/users\/1"}],"replies":[{"embeddable":true,"href":"https:\/\/www.kinanen.fi\/nukkekoti\/wp-json\/wp\/v2\/comments?post=775"}],"version-history":[{"count":9,"href":"https:\/\/www.kinanen.fi\/nukkekoti\/wp-json\/wp\/v2\/pages\/775\/revisions"}],"predecessor-version":[{"id":8438,"href":"https:\/\/www.kinanen.fi\/nukkekoti\/wp-json\/wp\/v2\/pages\/775\/revisions\/8438"}],"wp:attachment":[{"href":"https:\/\/www.kinanen.fi\/nukkekoti\/wp-json\/wp\/v2\/media?parent=775"}],"curies":[{"name":"wp","href":"https:\/\/api.w.org\/{rel}","templated":true}]}}